{"id":887,"date":"2017-01-16T10:30:13","date_gmt":"2017-01-16T09:30:13","guid":{"rendered":"https:\/\/metropolevsech.eu\/?page_id=887"},"modified":"2025-05-27T10:28:49","modified_gmt":"2025-05-27T08:28:49","slug":"migrantske-a-komunitni-organizace","status":"publish","type":"page","link":"https:\/\/metropolevsech.eu\/cs\/kontakty\/migrantske-a-komunitni-organizace\/","title":{"rendered":"Migrantsk\u00e9 organizace"},"content":{"rendered":"<p>Kontakt s osobami poch\u00e1zej\u00edc\u00edmi z rodn\u00e9 zem\u011b, navazov\u00e1n\u00ed nov\u00fdch p\u0159\u00e1telstv\u00ed a v\u00fdpomoc mezi migranty jsou velmi d\u016fle\u017eit\u00e9, a to p\u0159edev\u0161\u00edm zpo\u010d\u00e1tku, kdy\u017e p\u0159ijedou do nov\u00e9 zem\u011b. V \u010cR dlouhodob\u011b \u017eij\u00edc\u00ed migranti si zakl\u00e1daj\u00ed vlastn\u00ed sdru\u017een\u00ed a spolky, d\u00edky nim\u017e se setk\u00e1vaj\u00ed, vzpom\u00ednaj\u00ed na svoji rodnou zemi, po\u0159\u00e1daj\u00ed kulturn\u00ed akce a sna\u017e\u00ed se \u010desk\u00fdm spoluob\u010dan\u016fm uk\u00e1zat kr\u00e1sy kultury sv\u00e9 zem\u011b.<\/p>\n<p>Informace o migrantsk\u00fdch a komunitn\u00edch organizac\u00edch naleznete tak\u00e9 na webov\u00fdch str\u00e1nk\u00e1ch <a href=\"\/\/www.migraceonline.cz\/\">Migrace Online<\/a>, ze kter\u00fdch jsme pro v\u00e1s n\u00e1sleduj\u00edc\u00ed informace a kontakty p\u0159evzali. Kontakty se mohou v pr\u016fb\u011bhu \u010dasu m\u011bnit, proto v p\u0159\u00edpad\u011b z\u00e1jmu sledujte webov\u00e9 str\u00e1nky jednotliv\u00fdch organizac\u00ed. V \u010desk\u00e9 verzi naleznete v\u0161echny dostupn\u00e9 migrantsk\u00e9 a komunitn\u00ed organizace, v jazykov\u00fdch verz\u00edch pak naleznete p\u0159eklady kontakt\u016f organizac\u00ed t\u00fdkaj\u00edc\u00edch se pouze relevantn\u00edch jazyk\u016f.<\/p>\n<p>N\u011bkter\u00e9 uv\u00e1d\u011bn\u00e9 organizace pat\u0159\u00ed mezi tzv. n\u00e1rodnostn\u00ed men\u0161iny. N\u00e1rodnostn\u00ed men\u0161ina je dle \u010desk\u00fdch z\u00e1kon\u016f spole\u010denstv\u00ed ob\u010dan\u016f \u010cR, kte\u0159\u00ed maj\u00ed spole\u010dn\u00fd etnick\u00fd p\u016fvod, jazyk, kulturu, tradice, tvo\u0159\u00ed po\u010detn\u00ed men\u0161inu obyvatelstva a z\u00e1rove\u0148 projevuj\u00ed v\u016fli b\u00fdt pova\u017eov\u00e1ni za n\u00e1rodnostn\u00ed men\u0161inu a spole\u010dn\u011b usiluj\u00ed o zachov\u00e1n\u00ed a rozvoj vlastn\u00ed sv\u00e9bytnosti,\u00a0sv\u00e9bytnosti jazyka a kultury. V\u00a0\u010cR jsou tyto n\u00e1rodnostn\u00ed men\u0161iny: b\u011blorusk\u00e1, bulharsk\u00e1, chorvatsk\u00e1, ma\u010farsk\u00e1, n\u011bmeck\u00e1, polsk\u00e1, romsk\u00e1, rus\u00ednsk\u00e1, rusk\u00e1, \u0159eck\u00e1, slovensk\u00e1, srbsk\u00e1, ukrajinsk\u00e1, vietnamsk\u00e1. Pro n\u00e1rodnostn\u00ed men\u0161iny vznik\u00e1 nov\u00e1 speci\u00e1ln\u00ed webov\u00e1 str\u00e1nka, kde naleznou jejich p\u0159\u00edslu\u0161n\u00edci v\u00edce informac\u00ed. Pokud m\u00e1te ofici\u00e1ln\u011b zaregistrovanou organizaci v\u00a0Praze a cht\u011bli byste d\u00e1t v\u011bd\u011bt sv\u00fdm krajan\u016fm a Pra\u017ean\u016fm o jej\u00edch aktivit\u00e1ch, pros\u00edm, kontaktujte n\u00e1s.<\/p>\n<h4><strong>Odkazy:<\/strong><\/h4>\n<ul class=\"bullet-links\">\n<li><a href=\"\/\/migraceonline.cz\/cz\/uzitecne-zdroje\/institutions-and-organizations-in-cze-3#cat-zajmove-a-kulturni-organizace-komunit-migrantu-v-ceske-republice\">Migrace online<\/a><\/li>\n<li><a href=\"\/\/www.vlada.cz\/cz\/ppov\/rnm\/odkazy\/odkazy-na-nektere-narodnostne-mensinove-organizace-16169\/\">Odkazy na n\u011bkter\u00e9 n\u00e1rodnostn\u011b men\u0161inov\u00e9 organizace<\/a><\/li>\n<li><a target=\"_blank\" href=\"\/\/www.dnm-praha.eu\/?l=5\" rel=\"noopener\">D\u016fm n\u00e1rodnostn\u00edch men\u0161in<\/a><\/li>\n<\/ul>\n<p>&nbsp;<\/p>\n<h4><strong>AFRIKA<\/strong><\/h4>\n<p><strong>Humanitas Afrika, o. p. s. <\/strong><\/p>\n<p>Spolek Humanitas Afrika vznikl v Praze v roce 2000 jako africko-\u010desk\u00e9 ob\u010dansk\u00e9 sdru\u017een\u00ed s c\u00edlem p\u0159isp\u011bt k \u0161\u00ed\u0159en\u00ed vz\u00e1jemn\u00e9 tolerance a porozum\u011bn\u00ed mezi \u010cechy a Afri\u010dany a ke zlep\u0161en\u00ed informovanosti o Africe, Afri\u010danech a jejich kultu\u0159e v \u010desk\u00e9 spole\u010dnosti. V roce 2005 sdru\u017een\u00ed ve sv\u00e9m s\u00eddle zalo\u017eilo <a href=\"\/\/centrum.humanitasafrika.cz\/\"><b>Africk\u00e9 informa\u010dn\u00ed centrum<\/b><\/a> (AIC), kter\u00e9 \u0161irok\u00e9 ve\u0159ejnosti nab\u00edz\u00ed slu\u017eby africk\u00e9 knihovny a celou \u0159adu vzd\u011bl\u00e1vac\u00edch aktivit. Centrum je m\u00edstem setk\u00e1v\u00e1n\u00ed a pom\u00e1h\u00e1 Afri\u010dan\u016fm \u017eij\u00edc\u00edm v \u010cesk\u00e9 republice p\u0159i integraci do \u010desk\u00e9 spole\u010dnosti a udr\u017eov\u00e1n\u00ed vlastn\u00ed identity a kultury. Dal\u0161\u00ed oblast\u00ed, ve kter\u00e9 se Humanitas Afrika anga\u017euje, je podpora vzd\u011bl\u00e1n\u00ed a rozvoje v Africe.<\/p>\n<p><strong>adresa:<\/strong> Je\u010dn\u00e1 2, 120 00 Praha 2<\/p>\n<p><strong>telefon:<\/strong> +420 251 560 375<\/p>\n<p><strong>e-mail:<\/strong> <a href=\"mailto:info@humanitasafrika.cz\">info@humanitasafrika.cz<\/a><\/p>\n<p><strong>webov\u00e9 str\u00e1nky:<\/strong> <a href=\"\/\/www.humanitasafrika.cz\">www.humanitasafrika.cz<\/a><\/p>\n<p><strong>Facebook:<\/strong> <a href=\"\/\/www.facebook.com\/HumanitasAfrika\">www.facebook.com\/HumanitasAfrika<\/a><\/p>\n<p>&nbsp;<\/p>\n<p><strong>Ob\u010dansk\u00e9 sdru\u017een\u00ed ALLIANCE-BENIN EN REPUBLIQUE TCHEQUE (A.B.E.T.) <\/strong><\/p>\n<p><strong>adresa:<\/strong> Mat\u00fa\u0161kova 16\/975, 149 00 Praha 4 \u2013 H\u00e1je<\/p>\n<p><strong>e-mail:<\/strong> <a href=\"mailto:info@alliancebenin.cz\">info@alliancebenin.cz<\/a><\/p>\n<p><strong>webov\u00e9 str\u00e1nky:<\/strong> <a href=\"\/\/www.alliancebenin.cz\">www.alliancebenin.cz<\/a><\/p>\n<p>&nbsp;<\/p>\n<h4><strong>ARM\u00c9NI<\/strong><\/h4>\n<p><strong>Arm\u00e9nsk\u00fd d\u016fm<\/strong><\/p>\n<p>Arm\u00e9nsk\u00fd d\u016fm je nevl\u00e1dn\u00ed neziskovou organizac\u00ed ob\u010dan\u016f \u010cR a ciz\u00edch st\u00e1tn\u00edch p\u0159\u00edslu\u0161n\u00edk\u016f, kter\u00e1 vznikla dne 28. 2. 2002 a mezi jej\u00ed\u017e z\u00e1kladn\u00ed \u010dinnosti pat\u0159\u00ed integrace Arm\u00e9n\u016f do \u010desk\u00e9 spole\u010dnosti. Prim\u00e1rn\u00edm c\u00edlem \u010dinnosti \u00a0organizace je zam\u011b\u0159en\u00ed k napom\u00e1h\u00e1n\u00ed v\u0161estrann\u00e9mu rozvoji styk\u016f mezi \u010ceskou republikou a Arm\u00e9nskou republikou a k vybudov\u00e1n\u00ed kulturn\u011b informa\u010dn\u00edho klubov\u00e9ho centra.<\/p>\n<p><strong>email:<\/strong> <a href=\"mailto:nairi@nairi.cz\">nairi@nairi.cz<\/a><\/p>\n<p><strong>webov\u00e9 str\u00e1nky:<\/strong> <a href=\"\/\/nairi.webnode.cz\/armensky-dum\/\">www.nairi.webnode.cz\/armensky-dum<\/a><\/p>\n<p>&nbsp;<\/p>\n<p><strong>Informa\u010dn\u00ed centrum Kavkaz \u2013 V\u00fdchodn\u00ed Evropa<\/strong><\/p>\n<p>Mezin\u00e1rodn\u00ed neziskov\u00e1 organizace Informa\u010dn\u00ed Centrum Kavkaz \u2013 V\u00fdchodn\u00ed Evropa vyd\u00e1v\u00e1 od roku 1999 Arm\u00e9nsko-evropsk\u00fd nez\u00e1visl\u00fd \u010dasopis ORER. Dvoum\u011bs\u00ed\u010dn\u00edk pokr\u00fdv\u00e1 \u017eivot Arm\u00e9n\u016f \u017eij\u00edc\u00edch v \u010cesk\u00e9 republice, ale i komunitn\u00ed, sportovn\u00ed, kulturn\u00ed a politick\u00fd \u017eivot Arm\u00e9n\u016f ve v\u00edce ne\u017e 30 evropsk\u00fdch zem\u00edch a samoz\u0159ejm\u011b i v Arm\u00e9nii. ORER (DNY) zd\u016fraz\u0148uje Arm\u00e9nsko-evropsk\u00e9 bilater\u00e1ln\u00ed diplomatick\u00e9 a politick\u00e9 vztahy. V\u00a0\u010dasopisu naleznete informace o \u010desko-arm\u00e9nsk\u00fdch projektech, hospod\u00e1\u0159sk\u00e9 spolupr\u00e1ci, stejn\u011b jako rozhovory s \u010desk\u00fdmi slavn\u00fdmi lidmi, vl\u00e1dn\u00edmi \u00fa\u0159edn\u00edky a ve\u0159ejn\u00fdmi \u010diniteli. Str\u00e1nky jsou v\u011bnov\u00e1ny tak\u00e9 um\u011bn\u00ed a v\u00fdznamn\u00fdm kulturn\u00edm akc\u00edm, nov\u011b vy\u0161l\u00fdm knih\u00e1m arm\u00e9nsk\u00fdch a zahrani\u010dn\u00edch um\u011blc\u016f, hudebn\u00edk\u016f a spisovatel\u016f.<\/p>\n<p><strong>adresa:<\/strong> Tibetsk\u00e1 2, 160 00 Praha 6<\/p>\n<p><strong>e-mail:<\/strong> <a href=\"mailto:info@orer.cz\">info@orer.cz<\/a><\/p>\n<p><strong>webov\u00e9 str\u00e1nky:<\/strong> <a href=\"\/\/www.orer.cz\">www.orer.cz<\/a><\/p>\n<p>&nbsp;<\/p>\n<h4><strong>\u00c1ZERB\u00c1JD\u017d\u00c1NCI<\/strong><\/h4>\n<p><b>AZER-\u010cECH, o. s. \u2013 Sdru\u017een\u00ed \u00c1zerb\u00e1jd\u017e\u00e1nc\u016f v \u010cR<\/b><\/p>\n<p>C\u00edlem sdru\u017een\u00ed je p\u0159isp\u011bt k sbli\u017eov\u00e1n\u00ed kultury a tradice mezi \u00e1zerb\u00e1jd\u017e\u00e1nskou a \u010ceskou republikou, reprezentace \u00e1zerb\u00e1jd\u017e\u00e1nsk\u00e9 historie, kultury a tradice pro \u0161irokou ve\u0159ejnost s c\u00edlem vz\u00e1jemn\u00e9ho pozn\u00e1v\u00e1n\u00ed a porozum\u011bn\u00ed, pomoc p\u0159i integraci \u00e1zerb\u00e1jd\u017e\u00e1nsk\u00fdch ob\u010dan\u016f a ostatn\u00edch cizinc\u016f do majoritn\u00ed spole\u010dnosti.<\/p>\n<p><strong>adresa:<\/strong> Voron\u011b\u017esk\u00e1 19\/564, 101 00 Praha 10<\/p>\n<p><strong>e-mail:<\/strong> <a href=\"mailto:info@diaspora.cz\">info@diaspora.cz<\/a><\/p>\n<p>&nbsp;<\/p>\n<h4><strong>BARMA<\/strong><\/h4>\n<p><strong>Barmsk\u00e9 centrum Praha, o. p. s.<\/strong><\/p>\n<p>Obecn\u011b prosp\u011b\u0161n\u00e1 spole\u010dnost Barmsk\u00e9 centrum Praha byla zalo\u017eena v \u010dervnu 2006 barmskou komunitou v\u00a0\u010cesk\u00e9 republice spolu s\u00a0\u010desk\u00fdmi a mezin\u00e1rodn\u00edmi podporovateli Barmy. Zalo\u017een\u00edm spole\u010dnosti Barmsk\u00e9 centrum Praha v roce 2006 bylo nav\u00e1z\u00e1no na dlouhodob\u00e9 \u00fasil\u00ed anga\u017eovan\u00fdch jednotlivc\u016f, kte\u0159\u00ed tak budou moci nad\u00e1le vyv\u00edjet koordinovanou a nez\u00e1vislou \u010dinnost. Centrum spolupracuje s dal\u0161\u00edmi nevl\u00e1dn\u00edmi organizacemi a jednotlivci na n\u00e1rodn\u00ed i mezin\u00e1rodn\u00ed \u00farovni a chce nav\u00e1zat na tradici p\u0159\u00e1telstv\u00ed mezi lidmi z Barmy a \u010cesk\u00e9 a Slovensk\u00e9 republiky. Posl\u00e1n\u00edm BCP je p\u0159isp\u011bt k demokratizaci Barmy, dodr\u017eov\u00e1n\u00ed lidsk\u00fdch pr\u00e1v a zlep\u0161en\u00ed situace lid\u00ed v Barm\u011b a v\u00a0exilu.<\/p>\n<p><strong>adresa:<\/strong> D\u011blnick\u00e1 54, 170 00 Praha 7<\/p>\n<p><strong>e-mail:<\/strong> <a href=\"mailto:info@burma-center.org\">info@burma-center.org<\/a><\/p>\n<p><strong>webov\u00e9 str\u00e1nky:<\/strong> <a href=\"\/\/www.burma-center.org\">www.burma-center.org<\/a><\/p>\n<p><strong>Facebook:<\/strong> <a href=\"\/\/www.facebook.com\/burmacenterprague\">www.facebook.com\/burmacenterprague<\/a><\/p>\n<p>&nbsp;<\/p>\n<h4><strong>BULHA\u0158I &#8211; n\u00e1rodnostn\u011b men\u0161inov\u00e9 organizace<br \/>\n<\/strong><\/h4>\n<p><strong>Zaedno<\/strong><\/p>\n<p>Ob\u010dansk\u00e9 sdru\u017een\u00ed Zaedno organizuje kulturn\u00ed, informa\u010dn\u00ed, vzd\u011bl\u00e1vac\u00ed a z\u00e1bavn\u00ed akce s bulharskou a multikulturn\u00ed t\u00e9matikou, na kter\u00fdch prezentuje rozmanitost bulharsk\u00e9 a balk\u00e1nsk\u00e9 kultury \u2013 nap\u0159\u00edklad v\u00fdstavy, tane\u010dn\u00ed semin\u00e1\u0159e, informa\u010dn\u00ed p\u0159edn\u00e1\u0161ky, sout\u011b\u017ee, kurzy a kulturn\u011b-spole\u010densk\u00e1 setk\u00e1n\u00ed.<\/p>\n<p><strong>adresa:<\/strong> Kolbenova 762\/6, 190 00, Praha 9 &#8211; Vyso\u010dany<\/p>\n<p><strong>e-mail:<\/strong> <a href=\"mailto:zaedno@zaedno.org\">zaedno@zaedno.org<\/a><\/p>\n<p><strong>webov\u00e9 str\u00e1nky: <\/strong><a href=\"\/\/www.zaedno.org\">www.zaedno.org<\/a><\/p>\n<p><strong>Facebook:<\/strong> <a href=\"\/\/www.facebook.com\/zaedno.prague\/\">www.facebook.com\/zaedno.prague<\/a><\/p>\n<p>&nbsp;<\/p>\n<h4><b>JUGOSL\u00c1VIE (B\u00ddVAL\u00c1)<\/b><\/h4>\n<p><b>Ob\u010dansk\u00e9 sdru\u017een\u00ed Lastavica<\/b><\/p>\n<p>Lastavica znamen\u00e1 \u201evla\u0161tovka\u201c. Vla\u0161tovka je sdru\u017een\u00ed ob\u010dan\u016f ne jenom z b\u00fdval\u00e9 Jugosl\u00e1vie. Ob\u010dansk\u00e9 sdru\u017een\u00ed se sna\u017e\u00ed p\u0159edstavit v \u010cesk\u00e9 republice kulturn\u00ed bohatstv\u00ed v\u0161ech st\u00e1t\u016f b\u00fdval\u00e9 Jugosl\u00e1vie. Sdru\u017een\u00ed stimuluje rovnopr\u00e1vnost mezi lidmi a sna\u017e\u00ed se o nav\u00e1z\u00e1n\u00ed spolupr\u00e1ce se v\u0161emi lidmi dobr\u00e9 v\u016fle. Lastavica nepodporuje \u017e\u00e1dnou politickou stranu ani n\u00e1bo\u017eensk\u00e9 organizace. Respektuje a oce\u0148uje v\u0161echny st\u00e1ty, kter\u00e9 vznikly rozpadem Jugosl\u00e1vie. Lastavica se vyh\u00fdb\u00e1 v\u0161emu, co by jej\u00ed \u010dleny mohlo rozd\u011blit, a\u0165 u\u017e se jedn\u00e1 o lidi, zvyky, symboly apod. V\u00e1lka v Jugosl\u00e1vii je ukon\u010dena a \u010dlenov\u00e9 Lastavice neakceptuj\u00ed kolektivn\u00ed vinu. Za v\u00e1le\u010dn\u00e9 zlo\u010diny odpov\u00eddaj\u00ed v\u00e1le\u010dn\u00ed zlo\u010dinci, nikoliv cel\u00fd n\u00e1rod. \u010clenov\u00e9 Lastavice jsou hrd\u00ed na sv\u016fj n\u00e1rod a respektuj\u00ed a oce\u0148uj\u00ed v\u0161echny ostatn\u00ed.<\/p>\n<p><strong>adresa:<\/strong> Opletalova 16, Praha 1<\/p>\n<p><strong>e-mail:<\/strong> <a href=\"mailto:info@lastavica.org\">info@lastavica.org<\/a><\/p>\n<p><strong>webov\u00e9 str\u00e1nky:<\/strong> <a target=\"_blank\" href=\"\/\/lastavica.org\/\" rel=\"noopener\">www.lastavica.org<\/a><\/p>\n<p><strong>Facebook:<\/strong> <a href=\"\/\/www.facebook.com\/obcanskesdruzenilastavica\/\">www.facebook.com\/obcanskesdruzenilastavica<\/a><\/p>\n<p>&nbsp;<\/p>\n<h4><strong>KAZA\u0160I<\/strong><\/h4>\n<p><b>Kazachst\u00e1nsk\u00e9 kulturn\u00ed centrum v \u010cesk\u00e9 republice \u201eElim-aj\u201c <\/b><\/p>\n<p>Kazachst\u00e1nsk\u00e9 kulturn\u00ed centrum v \u010cesk\u00e9 republice nese n\u00e1zev Elim-aj. C\u00edl sdru\u017een\u00ed spo\u010d\u00edv\u00e1 v upevn\u011bn\u00ed p\u0159\u00e1telsk\u00fdch vztah\u016f mezi ob\u010dany \u010cesk\u00e9 republiky a ob\u010dany Kaza\u0161sk\u00e9 republiky.<\/p>\n<p><strong>webov\u00e9 str\u00e1nky:<\/strong> <a href=\"\/\/elim-aj.web-box.ru\/\">www.elim-aj.web-box.ru<\/a><\/p>\n<h4><\/h4>\n<h4><strong>LIBANONCI<\/strong><\/h4>\n<p><strong>Libanonsk\u00fd klub<\/strong><\/p>\n<p>Neziskov\u00e1 organizace sdru\u017euj\u00edc\u00ed libanonsk\u00e9 ob\u010dany \u017eij\u00edc\u00ed trvale \u010di dlouhodob\u011b v \u010cesk\u00e9 republice i ob\u010dany \u010cesk\u00e9 republiky<\/p>\n<p><strong>e-mail: <\/strong><a href=\"mailto:libanonsky.klub@seznam.cz\">libanonsky.klub@seznam.cz<\/a><\/p>\n<p><strong>webov\u00e9 str\u00e1nky: <\/strong><a href=\"\/\/libanonsky.klub.sweb.cz\/\">www.libanonsky.klub.sweb.cz <\/a><\/p>\n<p>&nbsp;<\/p>\n<h4><strong>MA\u010eA\u0158I<\/strong><\/h4>\n<p><strong><b>Svaz Ma\u010far\u016f \u017eij\u00edc\u00edch v \u010desk\u00fdch zem\u00edch \u2013 organiza\u010dn\u00ed jednotka Praha<\/b><br \/>\n<\/strong><\/p>\n<p>Aktivity p\u0159\u00edslu\u0161n\u00edk\u016f ma\u010farsk\u00e9 n\u00e1rodnostn\u00ed men\u0161iny v \u010cesk\u00e9 republice organizuje zast\u0159e\u0161uj\u00edc\u00ed ob\u010dansk\u00e9 sdru\u017een\u00ed <a href=\"\/\/www.csmmsz.org\/\">Svaz Ma\u010far\u016f \u017eij\u00edc\u00edch v \u010desk\u00fdch zem\u00edch<\/a>. Nejv\u00fdznamn\u011bj\u0161\u00edm projektem t\u00e9to organizace jsou ka\u017edoro\u010dn\u011b po\u0159\u00e1dan\u00e9 Dny ma\u010farsk\u00e9 kultury, kdy je ma\u010farsk\u00e1 kultura formou r\u016fzn\u00fdch kulturn\u00edch akc\u00ed prezentov\u00e1na v n\u011bkolika m\u011bstech v \u010cR. Svaz Ma\u010far\u016f je tak\u00e9 vydavatelem \u010dasopisu <a href=\"\/\/www.pragaitukor.com\/\">Pr\u00e1gai T\u00fck\u00f6r <\/a>(Pra\u017esk\u00e9 zrcadlo), kter\u00fd vych\u00e1z\u00ed p\u011btkr\u00e1t ro\u010dn\u011b ji\u017e od roku 1993.<\/p>\n<p><strong>adresa:<\/strong> K Boti\u010di 2, 101 00 Praha 10<\/p>\n<p><strong>e-mail: <\/strong><a href=\"mailto:csmmsz-praha@csmmsz.org\">csmmsz-praha@csmmsz.org<\/a><\/p>\n<p><strong>webov\u00e9 str\u00e1nky:<\/strong> <a href=\"\/\/www.csmmsz.org\">www.csmmsz.org<\/a><\/p>\n<p>&nbsp;<\/p>\n<h4><strong>MULTI<\/strong><\/h4>\n<p><strong>Agency for Migration and Adaptation AMIGA, z. s.<\/strong><\/p>\n<p>Hlavn\u00edm posl\u00e1n\u00edm spolku je podpora a rozvoj vz\u00e1jemn\u00e9 adaptace a komunikace lid\u00ed a prosazov\u00e1n\u00ed zdrav\u00e9ho, harmonick\u00e9ho a napln\u011bn\u00e9ho \u017eivota na mezin\u00e1rodn\u00ed, vnitrost\u00e1tn\u00ed, skupinov\u00e9, rodinn\u00e9 a individu\u00e1ln\u00ed \u00farovni.<\/p>\n<p>Organizace Agency for Migration and Adaptation AMIGA, z. s., byla zalo\u017eena v \u0159\u00edjnu 2010 z iniciativy zahrani\u010dn\u00edch v\u011bdeck\u00fdch pracovn\u00edk\u016f Akademie v\u011bd \u010cR a Univerzity Karlovy v Praze. Jej\u00edm \u00fa\u010delem bylo zv\u00fd\u0161en\u00ed efektivity integrace migrant\u016f v \u010cesk\u00e9 republice a propagace aktivit dal\u0161\u00edch organizac\u00ed v t\u00e9to oblasti. Postupn\u011b se z AMIGY vytvo\u0159ilo dobrovolnick\u00e9 centrum umo\u017e\u0148uj\u00edc\u00ed migrant\u016fm zapojen\u00ed do \u0161irok\u00e9 \u0161k\u00e1ly dobrovolnick\u00fdch aktivit ur\u010den\u00fdch prim\u00e1rn\u011b pro majoritu. V sou\u010dasn\u00e9 dob\u011b se na \u010dinnosti organizace pod\u00edl\u00ed 10 \u010dlen\u016f a 50 dobrovoln\u00edk\u016f.<\/p>\n<p>AMIGA napom\u00e1h\u00e1 integraci migrant\u016f do \u010desk\u00e9 spole\u010dnosti skrze jejich zapojen\u00ed do dobrovolnick\u00e9 \u010dinnosti, organizuje volno\u010dasov\u00e9 aktivity a z\u00e1jmov\u00e9 kluby, pom\u00e1h\u00e1 zapojit se migrant\u016fm do dobrovolnick\u00fdch, charitativn\u00edch, municip\u00e1ln\u00edch a podobn\u00fdch aktivit apod.<\/p>\n<p><strong>adresa: <\/strong>Z\u00e1h\u0159ebsk\u00e1 539\/15 Praha 2 \u00a0(vchod z Belgick\u00e9 11)<\/p>\n<p><strong>e-mail:<\/strong> <a href=\"mailto:info@amiga-migrant.cz\">info@amiga-migrant.cz<\/a><\/p>\n<p><strong>Facebook:<\/strong> <a href=\"https:\/\/www.facebook.com\/spolek.Amiga\/\">https:\/\/www.facebook.com\/spolek.Amiga\/<\/a><\/p>\n<p><strong>webov\u00e9 str\u00e1nky:<\/strong> <a href=\"https:\/\/www.amiga-migrant.cz\/\">https:\/\/www.amiga-migrant.cz\/<\/a><\/p>\n<p>&nbsp;<\/p>\n<p><strong>KITAP, z.s. &#8211; Tatarsk\u00e1 a Turkick\u00e1 asociace v Praze<\/strong><\/p>\n<p>Slovo &#8222;KITAP&#8220; v turkick\u00fdch jazyc\u00edch znamen\u00e1 &#8222;KNIHA&#8220; a spolek sv\u00fdm n\u00e1zvem symbolicky odkazuje k tomu, \u017ee kultury a tradice jin\u00fdch lid\u00ed jsou jako zav\u0159en\u00e1 kniha \u010dekaj\u00edc\u00ed na prozkoum\u00e1n\u00ed. Mezi c\u00edle KITAP se \u0159ad\u00ed \u00fasil\u00ed navazovat a rozv\u00edjet p\u0159\u00e1telsk\u00e9 vztahy mezi migranty a majoritn\u00ed spole\u010dnost\u00ed a tak\u00e9 navazovat, zprost\u0159edkov\u00e1vat a v\u0161emo\u017en\u011b podporovat spolupr\u00e1ci v oblasti n\u00e1rodn\u00edch kulturn\u00edch hodnot, tradic, historie a kulturn\u00edho d\u011bdictv\u00ed na n\u00e1rodn\u00ed a mezin\u00e1rodn\u00ed \u00farovni. C\u00edlem spolku je i zvy\u0161ovat informovanost ve\u0159ejnosti o turkick\u00fdch n\u00e1rodech, o jejich sm\u00ed\u0161en\u00e9 a heterogenn\u00ed historii, kultu\u0159e a tradic\u00edch.<\/p>\n<p>Spolek KITAP spolupracuje nejen s turkick\u00fdmi spolky a organizacemi, ale i s Integra\u010dn\u00edm centrem Praha, aktivn\u011b se \u00fa\u010dastn\u00ed multikulturn\u00edch festival\u016f konan\u00fdch v\u00a0Praze a organizuje tak\u00e9 vlastn\u00ed akce, prost\u0159ednictv\u00edm kter\u00fdch se sna\u017e\u00ed p\u0159ibl\u00ed\u017eit ve\u0159ejnosti r\u016fzn\u00e9 sv\u011btov\u00e9 kultury.<\/p>\n<p><strong>e-mail:<\/strong> <a href=\"mailto:kitappraha@gmail.com\">kitappraha@gmail.com<\/a><\/p>\n<p><strong>webov\u00e9 str\u00e1nky:<\/strong> <a href=\"\/\/kitapprague.blogspot.cz\">kitapprague.blogspot.cz<\/a><\/p>\n<p><strong>Facebook:<\/strong> <a href=\"\/\/fb.com\/kitappraha\">fb.com\/kitappraha<\/a><\/p>\n<p>&nbsp;<\/p>\n<p><strong>Youth Included<\/strong><\/p>\n<p>Youth Included je nevl\u00e1dn\u00ed neziskov\u00e1 organizace, kter\u00e1 je voln\u00fdm sdru\u017een\u00edm mlad\u00fdch lid\u00ed, kte\u0159\u00ed cht\u011bj\u00ed pozn\u00e1vat nov\u00e9 lidi a kultury, nau\u010dit se nov\u00e9 v\u011bci a sd\u00edlet navz\u00e1jem sv\u00e9 dovednosti, inspiraci a novou inspiraci cht\u011bj\u00ed i z\u00edskat. Jedn\u00e1 se o r\u016fznorodou skupinu lid\u00ed, kte\u0159\u00ed pracuj\u00ed v oblasti vzd\u011bl\u00e1v\u00e1n\u00ed, akademick\u00e9 sf\u00e9ry. Jde o kreativn\u00ed mlad\u00e9 lidi z r\u016fzn\u00fdch zem\u00ed sv\u011bta, kte\u0159\u00ed \u017eij\u00ed v Praze \u010di jinde v \u010cesk\u00e9 republice.<\/p>\n<p><strong>webov\u00e9 str\u00e1nky:<\/strong> <a href=\"\/\/youthincluded.com\">www.youthincluded.com<\/a><\/p>\n<p><strong>Facebook:<\/strong> <a href=\"\/\/www.facebook.com\/YouthIncluded\/\">www.facebook.com\/YouthIncluded<\/a><\/p>\n<p><strong>VK:<\/strong> <a href=\"\/\/vk.com\/public62308714\">www.vk.com\/public62308714<\/a><\/p>\n<p>&nbsp;<\/p>\n<p><strong>V\u00fdchodoevropsk\u00fd klub<\/strong><\/p>\n<p>V\u00fdchodoevropsk\u00fd klub je uskupen\u00ed student\u016f Filosofick\u00e9 fakulty UK i dal\u0161\u00edch lid\u00ed zab\u00fdvaj\u00edc\u00edch se are\u00e1lem v\u00fdchodn\u00ed Evropy. Jeho prim\u00e1rn\u00edm c\u00edlem je vytvo\u0159en\u00ed prostoru pro studium v\u00fdchodn\u00ed Evropy a otev\u0159enou v\u00fdm\u011bnu n\u00e1zor\u016f mezi lidmi nejrozmanit\u011bj\u0161\u00edho sm\u00fd\u0161len\u00ed, hodnot i perspektiv.<\/p>\n<p><strong>adresa: <\/strong>n\u00e1m. Jana Palacha 2, 116 38 Praha 1<\/p>\n<p><strong>e-mail: <\/strong><a href=\"mailto:vychodoevropskyklub@gmail.com\">vychodoevropskyklub@gmail.com<\/a><\/p>\n<p><strong>webov\u00e9 str\u00e1nky:<\/strong> <a href=\"\/\/vk.ff.cuni.cz\/\">www.vk.ff.cuni.cz<\/a><\/p>\n<p><strong>Facebook: <\/strong><a href=\"\/\/www.facebook.com\/V%C3%BDchodoevropsk%C3%BD-klub-487178291434942\/?fref=nf\">www.facebook.com\/V%C3%BDchodoevropsk%C3%BD-klub-487178291434942\/?fref=nf<\/a><strong><br \/>\n<\/strong><\/p>\n<p>&nbsp;<\/p>\n<h4><strong>N\u011aMCI<\/strong><\/h4>\n<p><b>Shrom\u00e1\u017ed\u011bn\u00ed N\u011bmc\u016f v \u010cech\u00e1ch, na Morav\u011b a ve Slezsku \u2013 n\u00e1rodnostn\u011b men\u0161inov\u00e1 organizace<\/b><\/p>\n<p>Shrom\u00e1\u017ed\u011bn\u00ed N\u011bmc\u016f v \u010cech\u00e1ch, na Morav\u011b a ve Slezsku je org\u00e1n svaz\u016f n\u011bmeck\u00e9 men\u0161iny v \u010cesk\u00e9 republice. Sjednocuje 23 samostatn\u011b registrovan\u00fdch Svaz\u016f a je partnerem pro \u00fa\u0159ady v \u010cR. Aktivity shrom\u00e1\u017ed\u011bn\u00ed jsou v\u00a0oblasti kulturn\u00edch aktivit, vzd\u011bl\u00e1v\u00e1n\u00ed, politick\u00fdch aktivit, spole\u010densk\u00fdch aktivit a vztah\u016f s ve\u0159ejnost\u00ed.<\/p>\n<p><strong>adresa:<\/strong> n\u00e1m\u011bst\u00ed 14. \u0159\u00edjna 1278\/1, 150 00 Praha 5<\/p>\n<p><strong>e-mail:<\/strong> <a href=\"mailto:info@landesversammlung.cz\">info@landesversammlung.cz<\/a><\/p>\n<p><strong>webov\u00e9 str\u00e1nky:<\/strong> <a href=\"\/\/www.landesversammlung.cz\/de\">www.landesversammlung.cz\/de<\/a><\/p>\n<p><strong>Facebook:<\/strong> <a href=\"\/\/www.facebook.com\/Landesversammlung-der-deutschen-Vereine-Shrom%C3%A1%C5%BEd%C4%9Bn%C3%AD-n%C4%9Bmeck%C3%BDch-spolk%C5%AF-464033786964989\/\">www.facebook.com\/Landesversammlung<\/a><\/p>\n<p>&nbsp;<\/p>\n<h4><strong>POL\u00c1CI<\/strong><\/h4>\n<p><b>Polsk\u00fd institut v\u00a0Praze<\/b><\/p>\n<p>Polsk\u00fd institut je pokra\u010dovatelem kulturn\u00edho odd\u011blen\u00ed Velvyslanectv\u00ed Polsk\u00e9 republiky z\u00a0dvac\u00e1t\u00fdch let 20. stolet\u00ed, po druh\u00e9 sv\u011btov\u00e9 v\u00e1lce p\u016fsobil jako Polsk\u00e9 kulturn\u00ed st\u0159edisko a\u00a0od roku 1994 jako Polsk\u00fd institut. S\u00eddlo Polsk\u00e9ho institutu se nach\u00e1z\u00ed v\u00a0historick\u00e9m centru Prahy. Dve\u0159e Polsk\u00e9ho institutu jsou otev\u0159eny pro v\u0161echny, kte\u0159\u00ed v\u011b\u0159\u00ed v\u00a0universalismus kultury stejn\u011b pevn\u011b, jako v\u00a0s\u00edlu plynouc\u00ed z\u00a0jej\u00ed n\u00e1rodn\u00ed r\u016fznorodosti.<\/p>\n<p><strong>adresa:<\/strong> N\u00e1rodn\u00ed 961\/25, 110 00 Praha 1<\/p>\n<p><strong>e-mail:<\/strong> <a href=\"mailto:praga@instytutpolski.org\">praga@instytutpolski.org<\/a><\/p>\n<p><strong>webov\u00e9 str\u00e1nky:<\/strong> <a href=\"\/\/polskyinstitut.cz\">www.polskyinstitut.cz<\/a><\/p>\n<p><strong>Facebook:<\/strong> <a href=\"\/\/www.facebook.com\/polskyinstitut\">www.facebook.com\/polskyinstitut<\/a><\/p>\n<p>&nbsp;<\/p>\n<p><strong>Polsk\u00fd klub v Praze<\/strong><\/p>\n<p>C\u00edlem Polsk\u00e9ho klubu v Praze je p\u011bstov\u00e1n\u00ed a popularizace polsk\u00e9ho jazyka a literatury a udr\u017eov\u00e1n\u00ed styk\u016f a spole\u010densk\u00e9ho \u017eivota mezi Pol\u00e1ky \u017eij\u00edc\u00edmi v Praze.<\/p>\n<p><strong>adresa:<\/strong> D\u016fm n\u00e1rodnostn\u00edch men\u0161in, Vocelova 3, Praha 2<\/p>\n<p><strong>e-mail:<\/strong> <a href=\"mailto:kpwp@seznam.cz\">kpwp@seznam.cz<\/a><\/p>\n<p><strong>webov\u00e9 str\u00e1nky:<\/strong> <a href=\"\/\/www.klubpolski.cz\">www.klubpolski.cz<\/a><\/p>\n<p>&nbsp;<\/p>\n<h4><strong>RUSOV\u00c9<\/strong><\/h4>\n<p><strong><b>Rusk\u00e1 tradice \u2013 \u017eurn\u00e1l Rusk\u00e9 Slovo \u2013 n\u00e1rodnostn\u011b men\u0161inov\u00e1 organizace<\/b><\/strong><\/p>\n<p>Posl\u00e1n\u00edm organizace je kulturn\u011b-spole\u010densk\u00e1 a vydavatelsk\u00e1 \u010dinnost pro pot\u0159eby p\u0159\u00edslu\u0161n\u00edk\u016f rusk\u00e9 n\u00e1rodnostn\u00ed men\u0161iny. Sdru\u017een\u00ed vyd\u00e1v\u00e1 \u010dasopis Rusk\u00e9 slovo.<\/p>\n<p><strong>adresa:<\/strong> D\u016fm n\u00e1rodnostn\u00edch men\u0161in, Vocelova 3, Praha 2<\/p>\n<p><strong>webov\u00e9 str\u00e1nky:<\/strong> <a href=\"\/\/www.ruslo.cz\">www.ruslo.cz<\/a><\/p>\n<p><strong>e-mail:<\/strong> <a href=\"mailto:ruslo@ruslo.cz\">ruslo@ruslo.cz<\/a><\/p>\n<p><strong>Facebook:<\/strong> <a href=\"\/\/www.facebook.com\/ruslocz\/\">www.facebook.com\/ruslocz<\/a><\/p>\n<p>&nbsp;<\/p>\n<h4><b>\u0158EKOV\u00c9<\/b><\/h4>\n<p><b>\u0158eck\u00e1 obec Praha<\/b><\/p>\n<p>\u0158eck\u00e1 obec Praha kon\u00e1 nejr\u016fzn\u011bj\u0161\u00ed akce, kter\u00e9 pom\u00e1haj\u00ed propagaci \u0159eck\u00e9 kultury, historie a \u0159eck\u00e9ho jazyka.<\/p>\n<p>V\u00edce informac\u00ed o \u0159eck\u00e9 n\u00e1rodnostn\u00ed men\u0161in\u011b naleznete na: <a href=\"\/\/www.vlada.cz\/cz\/ppov\/rnm\/mensiny\/recka-narodnostni-mensina-16156\/\">webov\u00fdch str\u00e1nk\u00e1ch \u00da\u0159adu vl\u00e1dy<\/a>.<\/p>\n<p>&nbsp;<\/p>\n<h4><strong>SLOV\u00c1CI<\/strong><\/h4>\n<p>V \u010cR p\u016fsob\u00ed 11 ob\u010dansk\u00fdch sdru\u017een\u00ed, kter\u00e1 se prezentuj\u00ed jako sdru\u017een\u00ed slovensk\u00e9 men\u0161iny. Celkov\u00fd po\u010det organizovan\u00fdch \u010dlen\u016f v jednotliv\u00fdch sdru\u017een\u00edch je odhadem 4 a\u017e 5 tis\u00edc. Nejpo\u010detn\u011bj\u0161\u00ed jsou Klub slovenskej kultury a Obec Slov\u00e1kov v\u00a0\u010cR.<\/p>\n<p>V\u00edce informac\u00ed o slovensk\u00e9 n\u00e1rodnostn\u00ed men\u0161in\u011b a dal\u0161\u00edch jej\u00edch organizac\u00edch naleznete na: <a href=\"\/\/www.vlada.cz\/cz\/ppov\/rnm\/mensiny\/slovenska-narodnostni-mensina-16157\/\"><b>webov\u00fdch str\u00e1nk\u00e1ch \u00da\u0159adu vl\u00e1dy<\/b><\/a>.<\/p>\n<p>&nbsp;<\/p>\n<p><b>Klub slovenskej kultury \u2013 n\u00e1rodnostn\u011b men\u0161inov\u00e1 organizace<\/b><\/p>\n<p>Klub slovenskej kultury vyd\u00e1v\u00e1 \u010dasopis Listy Slov\u00e1kov a \u010cechov. \u010casopis se zab\u00fdv\u00e1 slovenskou a \u010deskou kulturn\u00ed a spole\u010denskou sc\u00e9nou. Jeho \u00falohou je podporovat a informovat o akc\u00edch a ud\u00e1lostech v\u00a0souvislosti s rozvojem a podporou slovensk\u00fdch tradic v \u010cesk\u00e9 republice.<\/p>\n<p><strong>adresa:<\/strong> Vocelova 3, 120 00 Praha 2<\/p>\n<p><strong>webov\u00e9 str\u00e1nky:<\/strong> <a href=\"\/\/www.klubsk.net\/\">www.klubsk.net<\/a><\/p>\n<p>&nbsp;<\/p>\n<p><b>Obec Slov\u00e1kov v\u00a0\u010cR \u2013 n\u00e1rodnostn\u011b men\u0161inov\u00e1 organizace<\/b><\/p>\n<p>Obec Slov\u00e1k\u016f v \u010cR je dobrovoln\u00e9 ob\u010dansk\u00e9 sdru\u017een\u00ed ob\u010dan\u016f slovensk\u00e9 n\u00e1rodnosti \u017eij\u00edc\u00edch v \u010cR a p\u0159\u00edznivc\u016f Slovenska a slovensk\u00e9 kultury.<\/p>\n<p><strong>e-mail: <\/strong><a href=\"mailto:dan.nem@centrum.cz\">dan.nem@centrum.cz<\/a><strong><br \/>\n<\/strong><\/p>\n<p><strong>webov\u00e9 str\u00e1nky:<\/strong> <a href=\"\/\/www.slovaci.cz\/\">www.slovaci.cz<\/a><\/p>\n<p>&nbsp;<\/p>\n<p><b>Slovensk\u00e9 folklorn\u00ed sdru\u017een\u00ed LIMBORA \u2013 n\u00e1rodnostn\u011b men\u0161inov\u00e1 organizace<\/b><\/p>\n<p>Slovensk\u00e9 folklorn\u00ed sdru\u017een\u00ed Limbora je dobrovoln\u00e9 z\u00e1jmov\u00e9 sdru\u017een\u00ed ob\u010dan\u016f, jeho\u017e hlavn\u00edm c\u00edlem je uchov\u00e1v\u00e1n\u00ed a rozv\u00edjen\u00ed r\u016fzn\u00fdch forem tradi\u010dn\u00edho slovensk\u00e9ho lidov\u00e9ho um\u011bn\u00ed a jeho prezentace doma i v zahrani\u010d\u00ed. Sdru\u017een\u00ed Limbora je z\u0159izovatelem t\u0159ech soubor\u016f pro d\u011bti a ml\u00e1de\u017e.<\/p>\n<p><strong>adresa:<\/strong> Dittrichova 11, 120 00 Praha 2<\/p>\n<p><strong>e-mail:<\/strong> <a href=\"mailto:limbora@gmail.com\">limbora@gmail.com<\/a><\/p>\n<p><strong>webov\u00e9 str\u00e1nky:<\/strong> <a href=\"\/\/www.limbora.cz\">www.limbora.cz<\/a><\/p>\n<p><strong>Facebook:<\/strong> <a href=\"\/\/www.facebook.com\/FSLimbora\/\">www.facebook.com\/FSLimbora<\/a><\/p>\n<p>&nbsp;<\/p>\n<h4><strong>TIBE\u0164AN\u00c9<\/strong><\/h4>\n<p><strong>Tibetan Association of the Czech Republic \u2013 Asociace Tibe\u0165an\u016f \u017eij\u00edc\u00edch v\u00a0\u010cesk\u00e9 republice<\/strong><\/p>\n<p>Tibetan Association of the Czech Republic \u2013 Asociace Tibe\u0165an\u016f \u017eij\u00edc\u00edch v\u00a0\u010cesk\u00e9 republice byla zalo\u017eena v \u0159\u00edjnu roku 2018 premi\u00e9rem tibetsk\u00e9 exilov\u00e9 vl\u00e1dy Dr. Lobsangem Sangayem a zastupuje Tibe\u0165any \u017eij\u00edc\u00ed v \u010cR. C\u00edlem organizace je informovat o tibetsk\u00e9 ot\u00e1zce, ud\u00e1lostech t\u00fdkaj\u00edc\u00edch se Tibetu a o mo\u017enostech podpory obyvatel t\u00e9to zem\u011b, rovn\u011b\u017e slou\u017e\u00ed i jako p\u0159\u00edm\u00fd kontakt na Tibetsk\u00fd \u00fa\u0159ad v\u00a0\u017denev\u011b.<\/p>\n<p>Asociace tak\u00e9 po\u0159\u00e1d\u00e1 akce zam\u011b\u0159en\u00e9 na prezentaci tibetsk\u00e9 kultury a gastronomie, oslavy tibetsk\u00fdch sv\u00e1tk\u016f a v\u00fdznamn\u00fdch v\u00fdro\u010d\u00ed, p\u0159edn\u00e1\u0161ky pro ve\u0159ejnost a \u0161koly (v \u010de\u0161tin\u011b \u010di v\u00a0angli\u010dtin\u011b). Spolupracuje s\u00a0organizacemi \u010clov\u011bk v\u00a0t\u00edsni, Forum 2000, Knihovna V\u00e1clava Havla a dal\u0161\u00edmi subjekty zam\u011b\u0159en\u00fdmi mimo jin\u00e9 i na podporu Tibetu.<\/p>\n<p><strong>Facebook: <\/strong><a href=\"\/\/www.facebook.com\/TibetanAssociationCR\">www.facebook.com\/TibetanAssociationCR<\/a><\/p>\n<p>&nbsp;<\/p>\n<h4><strong>UKRAJINCI<\/strong><\/h4>\n<p><strong>Ukrajinsk\u00e1 iniciativa v \u010cesk\u00e9 republice (UI\u010cR)<\/strong><\/p>\n<p>Ukrajinsk\u00e1 iniciativa v \u010cesk\u00e9 republice je neziskov\u00e1 organizace zam\u011b\u0159uj\u00edc\u00ed se na podporu a rozvoj ukrajinsk\u00e9 kultury v r\u00e1mci \u010desk\u00e9ho a evropsk\u00e9ho spole\u010denstv\u00ed. Spoluvytv\u00e1\u0159\u00ed atraktivn\u00ed image Ukrajiny a \u010cesk\u00e9 republiky, rozv\u00edj\u00ed spolupr\u00e1ci a partnerstv\u00ed mezi ukrajinskou a \u010deskou ve\u0159ejnost\u00ed, zaji\u0161\u0165uje informa\u010dn\u00ed servis v\u0161em z\u00e1jemc\u016fm v ukrajinsk\u00fdch ot\u00e1zk\u00e1ch nejen v \u010cR. Organizace vyd\u00e1v\u00e1 \u010dasopis Porohy.<\/p>\n<p><strong>adresa:<\/strong> D\u016fm n\u00e1rodnostn\u00edch men\u0161in, Vocelova 3, 120 00 Praha 2<\/p>\n<p><strong>e-mail:<\/strong> <a href=\"mailto:uicr@centrum.cz\">uicr@centrum.cz<\/a><a href=\"mailto:info@ukrajinci.cz\"><\/a><\/p>\n<p><strong>webov\u00e9 str\u00e1nky:<\/strong> <a href=\"\/\/www.ukrajinci.cz\">www.ukrajinci.cz<\/a><\/p>\n<p><strong>Facebook:<\/strong> <a href=\"\/\/www.facebook.com\/ukrajinska.uicr\">www.facebook.com\/ukrajinska.uicr<\/a><\/p>\n<p>&nbsp;<\/p>\n<p><strong>Ukrajinsk\u00e1 evropsk\u00e1 perspektiva<\/strong><\/p>\n<p>Ukrajinsk\u00e1 evropsk\u00e1 perspektiva je mezin\u00e1rodn\u00ed organizace, kter\u00e1 sdru\u017euje Ukrajince na cel\u00e9m sv\u011bt\u011b, kte\u0159\u00ed podporuj\u00ed proz\u00e1padn\u00ed kurz Ukrajiny. C\u00edlem je Ukrajina jako pr\u00e1vn\u00ed st\u00e1t s vysokou \u017eivotn\u00ed \u00farovn\u00ed, demokraci\u00ed a svobodou projevu.<\/p>\n<p><strong>adresa:<\/strong> Opletalova 39, 110 00 Praha 1, \u010cesk\u00e1 republika<\/p>\n<p><strong>e-mail:<\/strong> <a href=\"mailto:g.andrejciv@u-e-p.eu\">g.andrejciv@u-e-p.eu<\/a><a href=\"mailto:g.andrejciv@uep.eu\"><\/a>, <a href=\"mailto:office@u-e-p.eu\">office@u-e-p.eu<\/a><\/p>\n<p><strong>webov\u00e9 str\u00e1nky:<\/strong> <a href=\"\/\/u-e-p.eu\/\">www.u-e-p.eu<\/a><\/p>\n<p>&nbsp;<\/p>\n<p><strong>My a Ukrajina<\/strong><\/p>\n<p>Str\u00e1nky <a href=\"\/\/www.myaukrajina.cz\/\" data-saferedirecturl=\"\/\/www.google.com\/url?q=\/\/www.myaukrajina.cz\/&amp;source=gmail&amp;ust=1544683935447000&amp;usg=AFQjCNGIRfm4t7hZzoc5gyOfVbYyLSwiOg\">My a Ukrajina<\/a> od po\u010d\u00e1tku roku 2017 informuj\u00ed \u010desk\u00e9 \u010dten\u00e1\u0159e, kte\u0159\u00ed se cht\u011bj\u00ed dozv\u011bd\u011bt o Ukrajin\u011b a \u010desko-ukrajinsk\u00fdch vztaz\u00edch v\u00edc, ne\u017e jim nab\u00edzej\u00ed \u010desk\u00e1 m\u00e9dia. \u010cten\u00e1\u0159 zde nalezne pestrou sm\u011bs informac\u00ed, v\u011bcn\u00fdch a nezaujat\u00fdch zpr\u00e1v a koment\u00e1\u0159\u016f. O d\u011bn\u00ed na Ukrajin\u011b informuje nap\u0159\u00edklad ka\u017edot\u00fddenn\u00ed ukrajinsk\u00e1 kronika. St\u00e1le se roz\u0161i\u0159uj\u00edc\u00ed okruh p\u0159isp\u011bvatel\u016f neust\u00e1le zvy\u0161uje informa\u010dn\u00ed hodnotu str\u00e1nek.<\/p>\n<p><strong>webov\u00e9 str\u00e1nky: <\/strong><a href=\"\/\/www.myaukrajina.cz\" data-saferedirecturl=\"\/\/www.google.com\/url?q=\/\/www.myaukrajina.cz&amp;source=gmail&amp;ust=1544683935447000&amp;usg=AFQjCNEEzpJyJS6I8hO6Gqx7CtobCy6pYw\">www.myaukrajina.cz<\/a><\/p>\n<p><strong>Facebook:<\/strong> <a href=\"\/\/www.facebook.com\/groups\/512687172453850\" data-saferedirecturl=\"\/\/www.google.com\/url?q=\/\/www.facebook.com\/groups\/512687172453850&amp;source=gmail&amp;ust=1544683935447000&amp;usg=AFQjCNFkQFGdUJst-fYE1fpZqFrzKqNXmQ\">www.facebook.com\/groups\/512687172453850<\/a><\/p>\n<p><strong>twitter:<\/strong> <a href=\"\/\/twitter.com\/myaukrajina\/\" data-saferedirecturl=\"\/\/www.google.com\/url?q=\/\/twitter.com\/myaukrajina\/&amp;source=gmail&amp;ust=1544683935447000&amp;usg=AFQjCNEkuU5ZKN3wRCm6pEOr7qyCwOsgdg\">twitter.com\/myaukrajina<\/a><\/p>\n<p>&nbsp;<\/p>\n<p><strong>Ruta <b>&#8211; Ukrajinsk\u00fd \u017eurn\u00e1l<\/b><\/strong><\/p>\n<p>Ob\u010dansk\u00e9 sdru\u017een\u00ed, kter\u00e9 se v\u011bnuje zachov\u00e1n\u00ed kulturn\u00edch hodnot, jazyka a identity osob ukrajinsk\u00e9ho p\u016fvodu, realizaci kulturn\u00edch, v\u00fdchovn\u011b vzd\u011bl\u00e1vac\u00edch projekt\u016f se zam\u011b\u0159en\u00edm na ukrajinskou komunitu v \u010cR, realizace projekt\u016f prob\u00edh\u00e1 p\u0159edev\u0161\u00edm pomoc\u00ed tiskovin pro integruj\u00edc\u00ed se cizince ukrajinsk\u00e9 n\u00e1rodnosti a roz\u0161i\u0159ov\u00e1n\u00edm informac\u00ed mezi \u010deskou majoritou o ukrajinsk\u00e9 kultu\u0159e, historii, a ukrajinsk\u00e9 emigraci v \u010cR. Ruta vyd\u00e1v\u00e1 \u010dasopis Ukrajinsk\u00fd \u017eurn\u00e1l.<\/p>\n<p><strong>e-mail:<\/strong> <a href=\"mailto:praha@ukrzurnal.eu\">praha@ukrzurnal.eu<\/a><\/p>\n<p><strong>webov\u00e9 str\u00e1nky:<\/strong> <a href=\"\/\/ukrzurnal.eu\/cze.contact.html\">www.ukrzurnal.eu\/cze.contact.html<\/a><\/p>\n<p>&nbsp;<\/p>\n<h4><strong>VIETNAMCI<\/strong><\/h4>\n<p><strong>Klub Hanoi \/ SEA-liaison<\/strong><\/p>\n<p>Klub Hanoi je ob\u010dansk\u00e9 sdru\u017een\u00ed, jeho\u017e \u010dleny mohou b\u00fdt v\u0161ichni, kdo se zaj\u00edmaj\u00ed o Vietnam, jeho kulturu, historii a tradice a o \u017eivot vietnamsk\u00e9 komunity v \u010cesk\u00e9 republice. Zab\u00fdv\u00e1 se p\u0159edev\u0161\u00edm propagac\u00ed vietnamsk\u00e9 kultury a integrac\u00ed Vietnamc\u016f do spole\u010dnosti s d\u016frazem na zachov\u00e1n\u00ed jejich kulturn\u00ed identity.<\/p>\n<p><strong>e-mail:<\/strong> <a href=\"mailto:sea-l@sea-l.cz\">sea-l@sea-l.cz<\/a><a href=\"mailto:klubhanoi@klubhanoi.cz\"><\/a><\/p>\n<p><strong>webov\u00e9 str\u00e1nky:<\/strong> <a href=\"https:\/\/sea-l.cz\/cs\/\">https:\/\/sea-l.cz\/cs\/<\/a><a href=\"\/\/www.klubhanoi.cz\"><\/a><\/p>\n<p>&nbsp;<\/p>\n<p><b>INFO-DR\u00c1\u010cEK, z. s.<\/b><\/p>\n<p>Sdru\u017een\u00ed INFO-DR\u00c1\u010cEK vzniklo z pot\u0159eby sd\u011blovat Vietnamc\u016fm \u017eij\u00edc\u00edm v \u010cesku z\u00e1kladn\u00ed informace o \u017eivot\u011b v t\u00e9to zemi, a to jednoduchou a srozumitelnou formou. Jedn\u00edm z hlavn\u00edch c\u00edl\u016f sdru\u017een\u00ed je pom\u00e1hat p\u0159eklenout komunika\u010dn\u00ed p\u0159ek\u00e1\u017eky u v\u0161ech v\u011bkov\u00fdch kategori\u00ed a formou r\u016fzn\u00fdch aktivit napomoct vietnamsk\u00fdm obyvatel\u016fm za\u010dlenit se plnohodnotn\u011b do spole\u010dnosti \u010cesk\u00e9 republiky. V\u00fdznamn\u00fdm \u00fakolem sdru\u017een\u00ed je vz\u00e1jemn\u00e9 pozn\u00e1v\u00e1n\u00ed kultur, my\u0161len\u00ed a zp\u016fsobu \u017eivota, \u017eivotn\u00edch n\u00e1vyk\u016f, p\u0159\u00edstupu k r\u016fzn\u00fdm \u017eivotn\u00edm situac\u00edm. Sdru\u017een\u00ed pamatuje i na siln\u00e9 rodinn\u00e9 pouto a \u00fazk\u00fd vztah k d\u011btem, nejbli\u017e\u0161\u00edm rodinn\u00fdm p\u0159\u00edslu\u0161n\u00edk\u016fm.<\/p>\n<p><strong>adresa<\/strong>: Libu\u0161sk\u00e1 319\/126, 142 00 Praha 4<\/p>\n<p><strong>e-mail:<\/strong> <a href=\"mailto:zdenka@info-dracek.cz\">zdenka@info-dracek.cz<\/a><a href=\"mailto:info@info-dracek.cz\"><\/a><\/p>\n<p><strong>webov\u00e9 str\u00e1nky:<\/strong> <a href=\"\/\/www.info-dracek.cz\">www.info-dracek.cz<\/a><\/p>\n<p><strong>Facebook:<\/strong> <a href=\"\/\/www.facebook.com\/infodracek\/\">www.facebook.com\/infodracek<\/a><\/p>\n<p>&nbsp;<\/p>\n<p><strong>Asociace \u010desk\u00fdch ob\u010dan\u016f vietnamsk\u00e9ho p\u016fvodu<\/strong><\/p>\n<p>Asociace sdru\u017euje ob\u010dany \u010cesk\u00e9 republiky, kte\u0159\u00ed se hl\u00e1s\u00ed k vietnamsk\u00e9 n\u00e1rodnosti a projevuj\u00ed p\u0159\u00e1n\u00ed b\u00fdt pova\u017eov\u00e1ni za p\u0159\u00edslu\u0161n\u00edka vietnamsk\u00e9 n\u00e1rodnostn\u00ed men\u0161iny spolu s dal\u0161\u00edmi, kte\u0159\u00ed se hl\u00e1s\u00ed ke stejn\u00e9 n\u00e1rodnosti. C\u00edlem \u010dinnosti sdru\u017een\u00ed je sdru\u017eovat ob\u010dany \u010cesk\u00e9 republiky vietnamsk\u00e9ho p\u016fvodu, kte\u0159\u00ed se hl\u00e1s\u00ed k vietnamsk\u00e9 n\u00e1rodnosti za \u00fa\u010delem spole\u010dn\u00e9 realizace sv\u00fdch pr\u00e1v n\u00e1rodnostn\u00ed men\u0161iny.<\/p>\n<p><strong>webov\u00e9 str\u00e1nky:<\/strong> <a href=\"\/\/www.acvn.cz\/\">www.acvn.cz<\/a><\/p>\n<p>&nbsp;<\/p>\n<p><strong>Viet-up<\/strong><\/p>\n<p>Sdru\u017een\u00ed Viet Up vytv\u00e1\u0159\u00ed prostor pro mlad\u00e9 lidi vietnamsk\u00e9ho p\u016fvodu, kde mohou naplno naplnit sv\u016fj potenci\u00e1l. Organizuje diskusn\u00ed ve\u010dery, sportovn\u00ed a kulturn\u00ed ud\u00e1losti.<\/p>\n<p><strong>e-mail:<\/strong> <a href=\"mailto:vietupcz@gmail.com\">vietupcz@gmail.com<\/a><\/p>\n<p><strong>Facebook: <\/strong><a href=\"\/\/www.facebook.com\/vietup.org\/\">www.facebook.com\/vietup.org<\/a><\/p>\n<p>&nbsp;<\/p>\n<p><strong>Svaz Vietnamc\u016f v \u010cR<\/strong><\/p>\n<p><strong>adresa:<\/strong> TTTM SAPA, Libu\u0161sk\u00e1 319, 14200 Praha 4 \u2013 Libu\u0161<\/p>\n<p><strong>e-mail:<\/strong> <a href=\"mailto:hnvn@seznam.cz\">hnvn@seznam.cz<\/a><\/p>\n<p><strong>webov\u00e9 str\u00e1nky:<\/strong> <a href=\"\/\/www.hnvn.cz\">www.hnvn.cz<\/a><\/p>","protected":false},"excerpt":{"rendered":"<p>Kontakt s osobami poch\u00e1zej\u00edc\u00edmi z rodn\u00e9 zem\u011b, navazov\u00e1n\u00ed nov\u00fdch p\u0159\u00e1telstv\u00ed a v\u00fdpomoc mezi migranty jsou velmi d\u016fle\u017eit\u00e9, a to p\u0159edev\u0161\u00edm zpo\u010d\u00e1tku, kdy\u017e p\u0159ijedou do nov\u00e9 zem\u011b. V \u010cR dlouhodob\u011b \u017eij\u00edc\u00ed migranti si zakl\u00e1daj\u00ed vlastn\u00ed sdru\u017een\u00ed a spolky, d\u00edky nim\u017e se&#8230;<\/p>\n<a class=\"more-block\" href=\"https:\/\/metropolevsech.eu\/cs\/kontakty\/migrantske-a-komunitni-organizace\/\">\u010c\u00edst v\u00edce<\/a>","protected":false},"author":7,"featured_media":0,"parent":895,"menu_order":3,"comment_status":"closed","ping_status":"closed","template":"","meta":[],"acf":[],"_links":{"self":[{"href":"https:\/\/metropolevsech.eu\/cs\/wp-json\/wp\/v2\/pages\/887"}],"collection":[{"href":"https:\/\/metropolevsech.eu\/cs\/wp-json\/wp\/v2\/pages"}],"about":[{"href":"https:\/\/metropolevsech.eu\/cs\/wp-json\/wp\/v2\/types\/page"}],"author":[{"embeddable":true,"href":"https:\/\/metropolevsech.eu\/cs\/wp-json\/wp\/v2\/users\/7"}],"replies":[{"embeddable":true,"href":"https:\/\/metropolevsech.eu\/cs\/wp-json\/wp\/v2\/comments?post=887"}],"version-history":[{"count":14,"href":"https:\/\/metropolevsech.eu\/cs\/wp-json\/wp\/v2\/pages\/887\/revisions"}],"predecessor-version":[{"id":22954,"href":"https:\/\/metropolevsech.eu\/cs\/wp-json\/wp\/v2\/pages\/887\/revisions\/22954"}],"up":[{"embeddable":true,"href":"https:\/\/metropolevsech.eu\/cs\/wp-json\/wp\/v2\/pages\/895"}],"wp:attachment":[{"href":"https:\/\/metropolevsech.eu\/cs\/wp-json\/wp\/v2\/media?parent=887"}],"curies":[{"name":"wp","href":"https:\/\/api.w.org\/{rel}","templated":true}]}}