{"id":601,"date":"2017-01-01T11:43:19","date_gmt":"2017-01-01T10:43:19","guid":{"rendered":"https:\/\/metropolevsech.eu\/?page_id=601"},"modified":"2026-01-23T17:30:12","modified_gmt":"2026-01-23T16:30:12","slug":"kam-se-obratit-uzitecne-kontakty-a-odkazy","status":"publish","type":"page","link":"https:\/\/metropolevsech.eu\/vi\/potrebuji-resit\/zamestnani\/kam-se-obratit-uzitecne-kontakty-a-odkazy\/","title":{"rendered":"Li\u00ean h\u1ec7 v\u00e0 li\u00ean k\u1ebft h\u1eefu \u00edch"},"content":{"rendered":"<p><\/p>\n<ul class=\"bullet-links\">\n<li><a href=\"https:\/\/www.mpsv.cz\/web\/cz\">B\u1ed9 Lao \u0111\u1ed9ng v\u00e0 X\u00e3 h\u1ed9i<\/a><\/li>\n<li><a href=\"https:\/\/www.uradprace.cz\/web\/cz\">S\u1edf lao \u0111\u1ed9ng C\u1ed9ng h\u00f2a S\u00e9c<\/a><\/li>\n<li><a href=\"http:\/\/www.suip.cz\">V\u0103n ph\u00f2ng Thanh tra Lao \u0111\u1ed9ng<\/a><\/li>\n<li><a href=\"https:\/\/eures.europa.eu\/index_cs\">EURES<\/a> &#8211; C\u1ed5ng th\u00f4ng tin di chuy\u1ec3n vi\u1ec7c l\u00e0m ch\u00e2u \u00c2u l\u00e0 c\u1ed5ng th\u00f4ng tin ch\u00e2u \u00c2u chuy\u00ean cung c\u1ea5p th\u00f4ng tin v\u1ec1 c\u00e1c c\u01a1 h\u1ed9i vi\u1ec7c l\u00e0m v\u00e0 \u0111\u00e0o t\u1ea1o \u1edf n\u01b0\u1edbc ngo\u00e0i. C\u0169ng bao g\u1ed3m qu\u1ea3ng c\u00e1o vi\u1ec7c l\u00e0m. EURES ho\u1ea1t \u0111\u1ed9ng t\u1ea1i t\u1ed5ng s\u1ed1 31 qu\u1ed1c gia ch\u00e2u \u00c2u, bao g\u1ed3m EEA v\u00e0 Th\u1ee5y S\u0129.<\/li>\n<\/ul>\n<div class=\"box-ok\">\u0110\u1eebng ng\u1ea1i li\u00ean h\u1ec7 v\u1edbi <a href=\"https:\/\/metropolevsech.eu\/vi\/sluzby-pro-migranty\/\"><strong>nh\u1eefng trung t\u00e2m h\u1ed9i nh\u1eadp\u00a0 v\u00e0 t\u1ed5 ch\u1ee9c phi l\u1ee3i nhu\u1eadn phi ch\u00ednh ph\u1ee7<\/strong><\/a>. H\u1ecd cung c\u1ea5p t\u01b0 v\u1ea5n ph\u00e1p l\u00fd v\u00e0 x\u00e3 h\u1ed9i mi\u1ec5n ph\u00ed. M\u1ed9t trong nh\u1eefng d\u1ecbch v\u1ee5 c\u01a1 b\u1ea3n c\u1ee7a h\u1ecd l\u00e0 t\u00ecm vi\u1ec7c l\u00e0m, gi\u00fap vi\u1ebft s\u01a1 y\u1ebfu l\u00fd l\u1ecbch ho\u1eb7c chu\u1ea9n b\u1ecb cho cu\u1ed9c ph\u1ecfng v\u1ea5n vi\u1ec7c l\u00e0m. <\/div>\n<p><div class=\"box-ok\">B\u1ea1n c\u00f3 th\u1ec3 t\u00ecm th\u1ea5y th\u00f4ng tin b\u1ed5 \u00edch v\u1ec1 vi\u1ec7c l\u00e0m c\u1ee7a ng\u01b0\u1eddi n\u01b0\u1edbc ngo\u00e0i b\u1eb1ng nhi\u1ec1u ng\u00f4n ng\u1eef kh\u00e1c nhau tr\u00ean c\u00e1c trang <a href=\"https:\/\/www.cicops.cz\/cz\/\">web<\/a> c\u1ee7a Trung t\u00e2m h\u1ed9i nh\u1eadp d\u00e0nh cho ng\u01b0\u1eddi n\u01b0\u1edbc ngo\u00e0i v\u00e0 <a href=\"https:\/\/www.migrace.com\/cs\/poradna\/informace-pro-cizince\">Hi\u1ec7p h\u1ed9i v\u00ec h\u1ed9i nh\u1eadp v\u00e0 di d\u00e2n<\/a>.<\/div><\/p>","protected":false},"excerpt":{"rendered":"<p>B\u1ed9 Lao \u0111\u1ed9ng v\u00e0 X\u00e3 h\u1ed9i S\u1edf lao \u0111\u1ed9ng C\u1ed9ng h\u00f2a S\u00e9c V\u0103n ph\u00f2ng Thanh tra Lao \u0111\u1ed9ng EURES &#8211; C\u1ed5ng th\u00f4ng tin di chuy\u1ec3n vi\u1ec7c l\u00e0m ch\u00e2u \u00c2u l\u00e0 c\u1ed5ng th\u00f4ng tin ch\u00e2u \u00c2u chuy\u00ean cung c\u1ea5p th\u00f4ng tin&#8230;<\/p>\n<a class=\"more-block\" href=\"https:\/\/metropolevsech.eu\/vi\/potrebuji-resit\/zamestnani\/kam-se-obratit-uzitecne-kontakty-a-odkazy\/\">\u0110\u1ecdc th\u00eam<\/a>","protected":false},"author":7,"featured_media":0,"parent":772,"menu_order":9,"comment_status":"closed","ping_status":"closed","template":"","meta":[],"acf":[],"_links":{"self":[{"href":"https:\/\/metropolevsech.eu\/vi\/wp-json\/wp\/v2\/pages\/601"}],"collection":[{"href":"https:\/\/metropolevsech.eu\/vi\/wp-json\/wp\/v2\/pages"}],"about":[{"href":"https:\/\/metropolevsech.eu\/vi\/wp-json\/wp\/v2\/types\/page"}],"author":[{"embeddable":true,"href":"https:\/\/metropolevsech.eu\/vi\/wp-json\/wp\/v2\/users\/7"}],"replies":[{"embeddable":true,"href":"https:\/\/metropolevsech.eu\/vi\/wp-json\/wp\/v2\/comments?post=601"}],"version-history":[{"count":14,"href":"https:\/\/metropolevsech.eu\/vi\/wp-json\/wp\/v2\/pages\/601\/revisions"}],"predecessor-version":[{"id":24545,"href":"https:\/\/metropolevsech.eu\/vi\/wp-json\/wp\/v2\/pages\/601\/revisions\/24545"}],"up":[{"embeddable":true,"href":"https:\/\/metropolevsech.eu\/vi\/wp-json\/wp\/v2\/pages\/772"}],"wp:attachment":[{"href":"https:\/\/metropolevsech.eu\/vi\/wp-json\/wp\/v2\/media?parent=601"}],"curies":[{"name":"wp","href":"https:\/\/api.w.org\/{rel}","templated":true}]}}